{"id":970,"date":"2017-12-13T09:30:56","date_gmt":"2017-12-13T08:30:56","guid":{"rendered":"https:\/\/www.iserandcampingardeche.com\/loisirs\/"},"modified":"2025-06-20T13:35:53","modified_gmt":"2025-06-20T11:35:53","slug":"tourism","status":"publish","type":"page","link":"https:\/\/www.iserandcampingardeche.com\/en\/tourism\/","title":{"rendered":"Tourism"},"content":{"rendered":"<p><div class=\"fusion-fullwidth fullwidth-box fusion-builder-row-1 main-parallax hundred-percent-fullwidth non-hundred-percent-height-scrolling\" style=\"background-color: #ffffff;background-position: center center;background-repeat: no-repeat;padding-top:0px;padding-right:0px;padding-bottom:0px;padding-left:0px;margin-bottom: 0px;margin-top: 0px;border-width: 0px 0px 0px 0px;border-color:#eae9e9;border-style:solid;\" ><div class=\"fusion-builder-row fusion-row\"><div class=\"fusion-layout-column fusion_builder_column fusion-builder-column-0 fusion_builder_column_1_2 1_2 fusion-one-half fusion-column-first\" style=\"width:50%;width:calc(50% - ( ( 4% ) * 0.5 ) );margin-right: 4%;margin-top:0px;margin-bottom:20px;\"><div class=\"fusion-column-wrapper fusion-flex-column-wrapper-legacy\" style=\"background-position:left top;background-repeat:no-repeat;-webkit-background-size:cover;-moz-background-size:cover;-o-background-size:cover;background-size:cover;padding: 0px 0px 0px 0px;\"><style type=\"text\/css\"><\/style><div class=\"fusion-title title fusion-title-1 fusion-sep-none fusion-title-center fusion-title-text fusion-title-size-one\" style=\"margin-top:0px;margin-bottom:31px;\"><h1 class=\"title-heading-center\" style=\"margin:0;\"><span class=\"nc\">Partners<\/span> &amp; Activities<\/h1><\/div>\n<div class=\"table-1\">\n<table width=\"100%\">\n<thead>\n<tr>\n<th align=\"left\">Activity<\/th>\n<th align=\"left\">Location<\/th>\n<th align=\"left\">Link<\/th>\n<\/tr>\n<\/thead>\n<tbody>\n<tr>\n<td>Tourist Office<\/td>\n<td>Tournon sur Rh\u00f4ne &#8211; 7 km<\/td>\n<td><a href=\"https:\/\/www.ardeche-hermitage.com\/fr\/\" target=\"_blank\" rel=\"noopener\">Ard\u00e8che Hermitage Tourisme<\/a><\/td>\n<\/tr>\n<tr>\n<td>Espace Eaux vives<\/td>\n<td>St Pierre de B\u0153uf &#8211; 30 km<\/td>\n<td><a href=\"https:\/\/www.espaceeauxvives.com\/\" target=\"_blank\" rel=\"noopener\">Espace Eaux Vives<\/a><\/td>\n<\/tr>\n<tr>\n<td>Les Acrobois<br \/>\nAdventure Park in forest<\/td>\n<td>Romans &#8211; 31 km<\/td>\n<td><a href=\"https:\/\/romans.les-acrobois.fr\/\" target=\"_blank\" rel=\"noopener\">Les Acrobrois<\/a><\/td>\n<\/tr>\n<tr>\n<td>La Ferme du Ch\u00e2taignier<\/td>\n<td>Lamastre &#8211; 30 km<\/td>\n<td><a href=\"https:\/\/www.ferme-du-chataignier.com\/\" target=\"_blank\" rel=\"noopener\"> La Ferme du Ch\u00e2taignier<\/a><\/td>\n<\/tr>\n<tr>\n<td>Slides Parc<\/td>\n<td>Saint Barth\u00e9lemy de Vals &#8211; 17 km<\/td>\n<td><a href=\"https:\/\/slidesparc.fr\/\" target=\"_blank\" rel=\"noopener\">Slides Parc<\/a><\/td>\n<\/tr>\n<tr>\n<td>Bleu Rive<br \/>\nPool &#8211; Hammam &#8211; Jacuzzi<\/td>\n<td>Saint Vallier &#8211; 9 km<\/td>\n<td><a href=\"https:\/\/piscines.portededromardeche.fr\/centre-aquatique-bleu-rive\/\" target=\"_blank\" rel=\"noopener\">Bleu Rive<\/a><\/td>\n<\/tr>\n<tr>\n<td>Terre de Syrah<br \/>\n    Vineyard walks<\/td>\n<td>Tain l&#8217;Ermitage &#8211; 9 km<\/td>\n<td><a href=\"https:\/\/www.terresdesyrah.com\/fr\/activites\/alias\/balades.html\" target=\"_blank\" rel=\"noopener\">Terre de Syrah<\/a><\/td>\n<\/tr>\n<tr>\n<td>La For\u00eat des Champos<\/td>\n<td>Saint Donat sur l&#8217;Herbasse &#8211; 28 km<\/td>\n<td><a href=\"https:\/\/la-foret-des-champos.fr\/\" target=\"_blank\" rel=\"noopener\">La For\u00eat des Champos<\/a><\/td>\n<\/tr>\n<tr>\n<td>Karting<\/td>\n<td>La Roche de Glun &#8211; 20 km<\/td>\n<td><a href=\"https:\/\/www.valencekarting.com\/\" target=\"_blank\" rel=\"noopener noreferrer\">Karting Valence<\/a><\/td>\n<\/tr>\n<tr>\n<td>Equestrian Center &#8211; Pony Club<\/td>\n<td>Saint Jeure d\u2019Ay &#8211; 13 km<\/td>\n<td><a href=\"https:\/\/www.domaine-desfanfaon.fr\/\" target=\"_blank\" rel=\"noopener noreferrer\">Domaine des Fan-Faon<\/a><\/td>\n<\/tr>\n<tr>\n<td>Ch\u00e2teau de Crussol<\/td>\n<td>Crussol &#8211; 23 km<\/td>\n<td><a href=\"https:\/\/www.chateaudecrussol.com\/\" target=\"_blank\" rel=\"noopener noreferrer\">Ch\u00e2teau de Crussol<\/a><\/td>\n<\/tr>\n<tr>\n<td>Cave de Tain<\/td>\n<td>Tain l&#8217;Ermitage &#8211; 9 km<\/td>\n<td><a href=\"https:\/\/www.cavedetain.com\/fr\/\" target=\"_blank\" rel=\"noopener noreferrer\">Cave de Tain<\/a><\/td>\n<\/tr>\n<tr>\n<td>Caveau de Sarras<\/td>\n<td>Sarras &#8211; 8 km<\/td>\n<td><a href=\"https:\/\/cave-saint-desirat.com\/caveau-de-sarras\" target=\"_blank\" rel=\"noopener noreferrer\">Caveau de Sarras<\/a><\/td>\n<\/tr>\n<\/tbody>\n<\/table>\n<\/div>\n<div class=\"fusion-text fusion-text-1\" style=\"transform:translate3d(0,0,0);\"><p style=\"text-align: center;\">Non exhaustive list for information<\/p>\n<\/div><div class=\"fusion-clearfix\"><\/div><\/div><\/div><div class=\"fusion-layout-column fusion_builder_column fusion-builder-column-1 fusion_builder_column_1_2 1_2 fusion-one-half fusion-column-last\" style=\"width:50%;width:calc(50% - ( ( 4% ) * 0.5 ) );margin-top:0px;margin-bottom:20px;\"><div class=\"fusion-column-wrapper fusion-flex-column-wrapper-legacy\" style=\"background-position:left top;background-repeat:no-repeat;-webkit-background-size:cover;-moz-background-size:cover;-o-background-size:cover;background-size:cover;padding: 0px 0px 0px 0px;\"><style type=\"text\/css\"><\/style><div class=\"fusion-title title fusion-title-2 fusion-sep-none fusion-title-center fusion-title-text fusion-title-size-one\" style=\"margin-top:0px;margin-bottom:31px;\"><h1 class=\"title-heading-center\" style=\"margin:0;\"><span class=\"nc\">Wonderful<\/span> visits<\/h1><\/div>\n<div class=\"table-1 visites\">\n<table width=\"100%\">\n<tbody>\n<tr>\n<th>\u00a0<img decoding=\"async\" width=\"109\" height=\"45\" class=\"alignnone size-full wp-image-1082\" src=\"https:\/\/www.iserandcampingardeche.com\/wp-content\/uploads\/logo-facteur-cheval.png\" alt=\"Facteur Cheval\" \/><\/th>\n<td><a href=\"http:\/\/www.facteurcheval.com\/en\/index.html\" target=\"_blank\" rel=\"noopener noreferrer\">Palais id\u00e9al<\/a><br \/>Architectural Masterpiece at 30 km<\/td>\n<\/tr>\n<tr>\n<th>\u00a0<img decoding=\"async\" width=\"91\" height=\"45\" class=\"alignnone size-full wp-image-1080\" src=\"https:\/\/www.iserandcampingardeche.com\/wp-content\/uploads\/logo-train-ardeche.png\" alt=\"Train de l'Ard\u00e8che\" srcset=\"https:\/\/www.iserandcampingardeche.com\/wp-content\/uploads\/logo-train-ardeche-90x45.png 90w, https:\/\/www.iserandcampingardeche.com\/wp-content\/uploads\/logo-train-ardeche.png 91w\" sizes=\"(max-width: 91px) 100vw, 91px\" \/><\/th>\n<td><a href=\"http:\/\/trainardeche.fr\/wp\/en\/\" target=\"_blank\" rel=\"noopener noreferrer\">Train de l&#8217;Ard\u00e8che<\/a><br \/>Steam-train and Velo-Rail in the Gorges du Doux at 8 km<\/td>\n<\/tr>\n<tr>\n<th><img decoding=\"async\" width=\"184\" height=\"45\" class=\"alignnone size-full wp-image-1084\" src=\"https:\/\/www.iserandcampingardeche.com\/wp-content\/uploads\/logo-la-cite-du-chocolat.png\" alt=\"La Cit\u00e9 du Chocolat\" \/><\/th>\n<td><a href=\"https:\/\/www.citeduchocolat.com\/en\/\" target=\"_blank\" rel=\"noopener noreferrer\">Cit\u00e9 du Chocolat<\/a><br \/>Boutique Valrhona \u2013 The best chocolate-maker in France at 10 km<\/td>\n<\/tr>\n<tr>\n<th><img decoding=\"async\" width=\"188\" height=\"45\" class=\"alignnone size-full wp-image-971\" src=\"https:\/\/www.iserandcampingardeche.com\/wp-content\/uploads\/logo-peaugres.png\" alt=\"Safari de Peaugres\" \/><\/th>\n<td><a href=\"https:\/\/www.safari-peaugres.com\/en\" target=\"_blank\" rel=\"noopener noreferrer\">Safari de Peaugres<\/a><br \/>Biggest Zoo in Europe at 20 km<\/td>\n<\/tr>\n<tr>\n<th><img decoding=\"async\" class=\"alignnone size-full wp-image-752\" src=\"https:\/\/www.iserandcampingardeche.com\/wp-content\/uploads\/petit-train-des-vignes.png\" alt=\"Le Petit Train des Vignes\" \/><\/th>\n<td><a href=\"https:\/\/www.petit-train-des-vignes.com\/\" target=\"_blank\" rel=\"noopener noreferrer\">Le Petit Train des Vignes<\/a><br \/>at 8 km<\/td>\n<\/tr>\n<tr>\n<th><img decoding=\"async\" width=\"69\" height=\"45\" class=\"alignnone size-full wp-image-1079\" src=\"https:\/\/www.iserandcampingardeche.com\/wp-content\/uploads\/logo-ardeche-miniature.png\" alt=\"Ard\u00e8che miniature\" \/><\/th>\n<td><a href=\"http:\/\/www.jardin-des-trains.com\" target=\"_blank\" rel=\"noopener noreferrer\">Ard\u00e8che-miniature<\/a><br \/>The Ard\u00e8che-tour in one hour! (at 25 km)<\/td>\n<\/tr>\n<tr>\n<th><img decoding=\"async\" class=\"alignnone size-full wp-image-762\" src=\"https:\/\/www.iserandcampingardeche.com\/wp-content\/uploads\/velorail-ardeche.png\" alt=\"V\u00e9lorail\" \/><\/th>\n<td><a href=\"https:\/\/www.velorailardeche.com\/\" target=\"_blank\" rel=\"noopener noreferrer\">V\u00e9lorail des Gorges du Doux<\/a><br \/>at 14 km<\/td>\n<\/tr>\n<tr>\n<th><img decoding=\"async\" class=\"alignnone size-full wp-image-762\" src=\"https:\/\/www.iserandcampingardeche.com\/wp-content\/uploads\/monde-des-lutins.png\" alt=\"Monde des Lutins\" \/><\/th>\n<td><a href=\"http:\/\/www.mondedeslutins.com\" target=\"_blank\" rel=\"noopener noreferrer\">Petits Lutins<\/a> <br \/>Fairy rendez-vous at 25 km<\/td>\n<\/tr>\n<tr>\n<th><img decoding=\"async\" width=\"300\" height=\"45\" class=\"alignnone size-full wp-image-1085\" src=\"https:\/\/www.iserandcampingardeche.com\/wp-content\/uploads\/logo-distillerie-jean-gauthier.png\" alt=\"Distillerie Jean Gauthier\" srcset=\"https:\/\/www.iserandcampingardeche.com\/wp-content\/uploads\/logo-distillerie-jean-gauthier-200x30.png 200w, https:\/\/www.iserandcampingardeche.com\/wp-content\/uploads\/logo-distillerie-jean-gauthier.png 300w\" sizes=\"(max-width: 300px) 100vw, 300px\" \/><\/th>\n<td><a href=\"http:\/\/www.jeangauthier.com\" target=\"_blank\" rel=\"noopener noreferrer\">Museum of distillation<\/a> <br \/>Lively Museum of distillation at 15 km (free)<\/td>\n<\/tr>\n<tr>\n<th><img decoding=\"async\" class=\"alignnone size-full wp-image-765\" src=\"https:\/\/www.iserandcampingardeche.com\/wp-content\/uploads\/compagnie-des-canotiers.png\" alt=\"Compagnie des Canotiers\" \/><\/th>\n<td><a href=\"https:\/\/www.canotiersboatnbike.com\/\" target=\"_blank\" rel=\"noopener noreferrer\">Compagnie des Canotiers<\/a><br \/>in Tournon sur Rh\u00f4ne &#8211; 7 km<\/td>\n<\/tr>\n<tr>\n<th><img decoding=\"async\" class=\"alignnone size-full wp-image-765\" src=\"https:\/\/www.iserandcampingardeche.com\/wp-content\/uploads\/jardin-zen-erik-borja.png\" alt=\"The Jardin Zen\" \/><\/th>\n<td><a href=\"https:\/\/www.erikborja.fr\/\" target=\"_blank\" rel=\"noopener noreferrer\">The Jardin Zen<\/a><br \/>in Beaumont-Monteux &#8211; 20 km<\/td>\n<\/tr>\n<\/tbody>\n<\/table>\n<\/div>\n<div class=\"fusion-clearfix\"><\/div><\/div><\/div><div class=\"fusion-layout-column fusion_builder_column fusion-builder-column-2 fusion_builder_column_1_1 1_1 fusion-one-full fusion-column-first fusion-column-last\" style=\"margin-top:0px;margin-bottom:20px;\"><div class=\"fusion-column-wrapper fusion-flex-column-wrapper-legacy\" style=\"background-position:left top;background-repeat:no-repeat;-webkit-background-size:cover;-moz-background-size:cover;-o-background-size:cover;background-size:cover;padding: 0px 0px 0px 0px;\"><style type=\"text\/css\"><\/style><div class=\"fusion-title title fusion-title-3 fusion-sep-none fusion-title-center fusion-title-text fusion-title-size-one\" style=\"margin-top:0px;margin-bottom:31px;\"><h1 class=\"title-heading-center\" style=\"margin:0;\"><span class=\"nc\">Campsite<\/span> &amp; Nearby<\/h1><\/div><div class=\"fusion-text fusion-text-2\" style=\"transform:translate3d(0,0,0);\"><p style=\"text-align: center;\"><strong>&#8216;Ard\u00e8che verte&#8217; will seduce the tourists looking for authenticity and the picturesque, citizens who like the open air, bikers and walkers keen of genuine nature, or else the gourmets fond of quality.<\/strong><\/p>\n<\/div><style type=\"text\/css\"><\/style><div class=\"fusion-title title fusion-title-4 fusion-sep-none fusion-title-text fusion-title-size-two\" style=\"margin-top:0px;margin-bottom:31px;\"><h2 class=\"title-heading-left\" style=\"margin:0;\"><span class=\"nc\">Practical<\/span> Informations<\/h2><\/div><ul class=\"fusion-checklist fusion-checklist-1\" style=\"font-size:16px;line-height:27.2px;\"><li class=\"fusion-li-item\"><span style=\"background-color:#8b996a;font-size:14.08px;height:27.2px;width:27.2px;margin-right:11.2px;\" class=\"icon-wrapper circle-yes\"><i class=\"fusion-li-icon fa-info fas\" style=\"color:#ffffff;\" aria-hidden=\"true\"><\/i><\/span><div class=\"fusion-li-item-content\" style=\"margin-left:38.4px;\">\n<p>Iserand is situated at 5 km away from the mouth of the Doux, a branch of the Rh\u00f4ne which name means soft, as the climate of the &#8216;Ard\u00e8che Verte&#8217;, and which explains this name.<\/p>\n<\/div><\/li><li class=\"fusion-li-item\"><span style=\"background-color:#8b996a;font-size:14.08px;height:27.2px;width:27.2px;margin-right:11.2px;\" class=\"icon-wrapper circle-yes\"><i class=\"fusion-li-icon fa-info fas\" style=\"color:#ffffff;\" aria-hidden=\"true\"><\/i><\/span><div class=\"fusion-li-item-content\" style=\"margin-left:38.4px;\">\n<p>The &#8216;Green Ard\u00e8che&#8217; enjoys a Mediterranean climate, cooled by an oceanic influence coming from Auvergne. The climatic protection brought by Vercors (pre-Alps) on east-side and Massif Central on west-side, allows the flourishing of the great wine terroir &#8220;C\u00f4tes du Rh\u00f4ne&#8221;. Iserand campsite is placed in the middle of a famous part of it called &#8220;<a href=\"http:\/\/www.aoc-saint-joseph.fr\/phototheque.aspx\/\" target=\"_blank\" rel=\"noopener noreferrer\">Saint-Joseph AOC<\/a>&#8220;.<\/p>\n<\/div><\/li><li class=\"fusion-li-item\"><span style=\"background-color:#8b996a;font-size:14.08px;height:27.2px;width:27.2px;margin-right:11.2px;\" class=\"icon-wrapper circle-yes\"><i class=\"fusion-li-icon fa-info fas\" style=\"color:#ffffff;\" aria-hidden=\"true\"><\/i><\/span><div class=\"fusion-li-item-content\" style=\"margin-left:38.4px;\">\n<p>It is 300 m away from the Rh\u00f4ne, which pools are awarded &#8220;Zone Naturelle d&#8217;Int\u00e9r\u00eat Ecologique pour la Faune &amp; la Flore&#8221; (Natural Zone for Ecologic and Wild Life Interest).<\/p>\n<\/div><\/li><li class=\"fusion-li-item\"><span style=\"background-color:#8b996a;font-size:14.08px;height:27.2px;width:27.2px;margin-right:11.2px;\" class=\"icon-wrapper circle-yes\"><i class=\"fusion-li-icon fa-info fas\" style=\"color:#ffffff;\" aria-hidden=\"true\"><\/i><\/span><div class=\"fusion-li-item-content\" style=\"margin-left:38.4px;\">\n<p>This grandiose scenery is crossed by the &#8220;<a href=\"https:\/\/www.francevelotourisme.com\/base-1\/itineraires\/viarhona\/\" target=\"_blank\" rel=\"noopener noreferrer\">ViaRhona<\/a>&#8221; cycle route, of which an access can be found at 100 m from the campsite ! This bucolic itinerary reserved for pedestrians and cyclists roams along the Rh\u00f4ne Valley and links the Lake of Geneva to Camargue.<\/p>\n<\/div><\/li><\/ul><div class=\"fusion-clearfix\"><\/div><\/div><\/div><\/div><\/div><div class=\"fusion-fullwidth fullwidth-box fusion-builder-row-2 main-parallax fw hundred-percent-fullwidth non-hundred-percent-height-scrolling\" style=\"background-color: #ffffff;background-position: center center;background-repeat: no-repeat;padding-top:0px;padding-right:0px;padding-bottom:0px;padding-left:0px;margin-bottom: 0px;margin-top: 0px;border-width: 0px 0px 0px 0px;border-color:#eae9e9;border-style:solid;\" ><div class=\"fusion-builder-row fusion-row\"><div class=\"fusion-layout-column fusion_builder_column fusion-builder-column-3 fusion_builder_column_1_1 1_1 fusion-one-full fusion-column-first fusion-column-last gallerie spinner\" style=\"margin-top:0px;margin-bottom:10px;\"><div class=\"fusion-column-wrapper fusion-flex-column-wrapper-legacy\" style=\"background-position:left top;background-repeat:no-repeat;-webkit-background-size:cover;-moz-background-size:cover;-o-background-size:cover;background-size:cover;padding: 0px 0px 0px 0px;\"><style type=\"text\/css\">.fusion-gallery-1 .fusion-gallery-image {border:0px solid #f6f6f6;}<\/style><div class=\"fusion-gallery fusion-gallery-container fusion-grid-6 fusion-columns-total-12 fusion-gallery-layout-grid fusion-gallery-1\" style=\"margin:-5px;\"><div style=\"padding:5px;\" class=\"fusion-grid-column fusion-gallery-column fusion-gallery-column-6 hover-type-none\"><div class=\"fusion-gallery-image\"><a href=\"https:\/\/www.iserandcampingardeche.com\/wp-content\/uploads\/marches-ardeche.jpg\" data-title=\"Local markets in Ard\u00e8che\" title=\"Local markets in Ard\u00e8che\" rel=\"noreferrer\" data-rel=\"iLightbox[gallery_image_1]\" class=\"fusion-lightbox\" target=\"_self\"><img decoding=\"async\" src=\"https:\/\/www.iserandcampingardeche.com\/wp-content\/uploads\/marches-ardeche-320x202.jpg\" width=\"320\" height=\"202\" alt=\"Local markets in Ard\u00e8che\" title=\"Local markets in Ard\u00e8che\" aria-label=\"Local markets in Ard\u00e8che\" class=\"img-responsive wp-image-2369 fusion-gallery-image-size-fixed\" srcset=\"https:\/\/www.iserandcampingardeche.com\/wp-content\/uploads\/marches-ardeche-320x202.jpg 320w, https:\/\/www.iserandcampingardeche.com\/wp-content\/uploads\/marches-ardeche-700x441.jpg 700w\" sizes=\"(max-width: 320px) 100vw, 320px\" \/><\/a><\/div><\/div><div style=\"padding:5px;\" class=\"fusion-grid-column fusion-gallery-column fusion-gallery-column-6 hover-type-none\"><div class=\"fusion-gallery-image\"><a href=\"https:\/\/www.iserandcampingardeche.com\/wp-content\/uploads\/le-rhone.jpg\" data-title=\"The Rh\u00f4ne\" title=\"The Rh\u00f4ne\" rel=\"noreferrer\" data-rel=\"iLightbox[gallery_image_1]\" class=\"fusion-lightbox\" target=\"_self\"><img decoding=\"async\" src=\"https:\/\/www.iserandcampingardeche.com\/wp-content\/uploads\/le-rhone-320x202.jpg\" width=\"320\" height=\"202\" alt=\"The Rh\u00f4ne\" title=\"The Rh\u00f4ne\" aria-label=\"The Rh\u00f4ne\" class=\"img-responsive wp-image-2367 fusion-gallery-image-size-fixed\" srcset=\"https:\/\/www.iserandcampingardeche.com\/wp-content\/uploads\/le-rhone-320x202.jpg 320w, https:\/\/www.iserandcampingardeche.com\/wp-content\/uploads\/le-rhone-700x441.jpg 700w\" sizes=\"(max-width: 320px) 100vw, 320px\" \/><\/a><\/div><\/div><div style=\"padding:5px;\" class=\"fusion-grid-column fusion-gallery-column fusion-gallery-column-6 hover-type-none\"><div class=\"fusion-gallery-image\"><a href=\"https:\/\/www.iserandcampingardeche.com\/wp-content\/uploads\/petit-train-des-vignes.jpg\" data-title=\"The little vineyard train\" title=\"The little vineyard train\" rel=\"noreferrer\" data-rel=\"iLightbox[gallery_image_1]\" class=\"fusion-lightbox\" target=\"_self\"><img decoding=\"async\" src=\"https:\/\/www.iserandcampingardeche.com\/wp-content\/uploads\/petit-train-des-vignes-320x202.jpg\" width=\"320\" height=\"202\" alt=\"The little vineyard train\" title=\"The little vineyard train\" aria-label=\"The little vineyard train\" class=\"img-responsive wp-image-2373 fusion-gallery-image-size-fixed\" srcset=\"https:\/\/www.iserandcampingardeche.com\/wp-content\/uploads\/petit-train-des-vignes-320x202.jpg 320w, https:\/\/www.iserandcampingardeche.com\/wp-content\/uploads\/petit-train-des-vignes-700x441.jpg 700w\" sizes=\"(max-width: 320px) 100vw, 320px\" \/><\/a><\/div><\/div><div style=\"padding:5px;\" class=\"fusion-grid-column fusion-gallery-column fusion-gallery-column-6 hover-type-none\"><div class=\"fusion-gallery-image\"><a href=\"https:\/\/www.iserandcampingardeche.com\/wp-content\/uploads\/valrhona-cite-du-chocolat-01.jpg\" data-title=\"Valrhona &#8211; La Cit\u00e9 du Chocolat in Tain l&#8217;Ermitage\" title=\"Valrhona &#8211; La Cit\u00e9 du Chocolat in Tain l&#8217;Ermitage\" rel=\"noreferrer\" data-rel=\"iLightbox[gallery_image_1]\" class=\"fusion-lightbox\" target=\"_self\"><img decoding=\"async\" src=\"https:\/\/www.iserandcampingardeche.com\/wp-content\/uploads\/valrhona-cite-du-chocolat-01-320x202.jpg\" width=\"320\" height=\"202\" alt=\"Valrhona - La Cit\u00e9 du Chocolat in Tain l&#039;Ermitage\" title=\"Valrhona &#8211; La Cit\u00e9 du Chocolat in Tain l&#8217;Ermitage\" aria-label=\"Valrhona &#8211; La Cit\u00e9 du Chocolat in Tain l&#8217;Ermitage\" class=\"img-responsive wp-image-2379 fusion-gallery-image-size-fixed\" srcset=\"https:\/\/www.iserandcampingardeche.com\/wp-content\/uploads\/valrhona-cite-du-chocolat-01-320x202.jpg 320w, https:\/\/www.iserandcampingardeche.com\/wp-content\/uploads\/valrhona-cite-du-chocolat-01-700x441.jpg 700w\" sizes=\"(max-width: 320px) 100vw, 320px\" \/><\/a><\/div><\/div><div style=\"padding:5px;\" class=\"fusion-grid-column fusion-gallery-column fusion-gallery-column-6 hover-type-none\"><div class=\"fusion-gallery-image\"><a href=\"https:\/\/www.iserandcampingardeche.com\/wp-content\/uploads\/palais-ideal-du-facteur-cheval-01.jpg\" data-title=\"Le Palais Id\u00e9al du Facteur Cheval &#8211; Hauterives\" title=\"Le Palais Id\u00e9al du Facteur Cheval &#8211; Hauterives\" rel=\"noreferrer\" data-rel=\"iLightbox[gallery_image_1]\" class=\"fusion-lightbox\" target=\"_self\"><img decoding=\"async\" src=\"https:\/\/www.iserandcampingardeche.com\/wp-content\/uploads\/palais-ideal-du-facteur-cheval-01-320x202.jpg\" width=\"320\" height=\"202\" alt=\"Le Palais Id\u00e9al du Facteur Cheval - Hauterives\" title=\"Le Palais Id\u00e9al du Facteur Cheval &#8211; Hauterives\" aria-label=\"Le Palais Id\u00e9al du Facteur Cheval &#8211; Hauterives\" class=\"img-responsive wp-image-2371 fusion-gallery-image-size-fixed\" srcset=\"https:\/\/www.iserandcampingardeche.com\/wp-content\/uploads\/palais-ideal-du-facteur-cheval-01-320x202.jpg 320w, https:\/\/www.iserandcampingardeche.com\/wp-content\/uploads\/palais-ideal-du-facteur-cheval-01-700x441.jpg 700w\" sizes=\"(max-width: 320px) 100vw, 320px\" \/><\/a><\/div><\/div><div style=\"padding:5px;\" class=\"fusion-grid-column fusion-gallery-column fusion-gallery-column-6 hover-type-none\"><div class=\"fusion-gallery-image\"><a href=\"https:\/\/www.iserandcampingardeche.com\/wp-content\/uploads\/jardin-zen-erik-borja.jpg\" data-title=\"Le Jardin Zen &#8211; Erik Borja &#8211; Beaumont-Monteux\" title=\"Le Jardin Zen &#8211; Erik Borja &#8211; Beaumont-Monteux\" rel=\"noreferrer\" data-rel=\"iLightbox[gallery_image_1]\" class=\"fusion-lightbox\" target=\"_self\"><img decoding=\"async\" src=\"https:\/\/www.iserandcampingardeche.com\/wp-content\/uploads\/jardin-zen-erik-borja-320x202.jpg\" width=\"320\" height=\"202\" alt=\"Le Jardin Zen - Erik Borja - Beaumont-Monteux\" title=\"Le Jardin Zen &#8211; Erik Borja &#8211; Beaumont-Monteux\" aria-label=\"Le Jardin Zen &#8211; Erik Borja &#8211; Beaumont-Monteux\" class=\"img-responsive wp-image-2385 fusion-gallery-image-size-fixed\" srcset=\"https:\/\/www.iserandcampingardeche.com\/wp-content\/uploads\/jardin-zen-erik-borja-320x202.jpg 320w, https:\/\/www.iserandcampingardeche.com\/wp-content\/uploads\/jardin-zen-erik-borja-700x441.jpg 700w\" sizes=\"(max-width: 320px) 100vw, 320px\" \/><\/a><\/div><\/div><div class=\"clearfix\"><\/div><div style=\"padding:5px;\" class=\"fusion-grid-column fusion-gallery-column fusion-gallery-column-6 hover-type-none\"><div class=\"fusion-gallery-image\"><a href=\"https:\/\/www.iserandcampingardeche.com\/wp-content\/uploads\/chapelle-tain-l-hermitage.jpg\" data-title=\"The Chapel of Tain l&#8217;Hermitage\" title=\"The Chapel of Tain l&#8217;Hermitage\" rel=\"noreferrer\" data-rel=\"iLightbox[gallery_image_1]\" class=\"fusion-lightbox\" target=\"_self\"><img decoding=\"async\" src=\"https:\/\/www.iserandcampingardeche.com\/wp-content\/uploads\/chapelle-tain-l-hermitage-320x202.jpg\" width=\"320\" height=\"202\" alt=\"The Chapel of Tain l&#039;Hermitage\" title=\"The Chapel of Tain l&#8217;Hermitage\" aria-label=\"The Chapel of Tain l&#8217;Hermitage\" class=\"img-responsive wp-image-2361 fusion-gallery-image-size-fixed\" srcset=\"https:\/\/www.iserandcampingardeche.com\/wp-content\/uploads\/chapelle-tain-l-hermitage-320x202.jpg 320w, https:\/\/www.iserandcampingardeche.com\/wp-content\/uploads\/chapelle-tain-l-hermitage-700x441.jpg 700w\" sizes=\"(max-width: 320px) 100vw, 320px\" \/><\/a><\/div><\/div><div style=\"padding:5px;\" class=\"fusion-grid-column fusion-gallery-column fusion-gallery-column-6 hover-type-none\"><div class=\"fusion-gallery-image\"><a href=\"https:\/\/www.iserandcampingardeche.com\/wp-content\/uploads\/train-mastrou-01.jpg\" data-title=\"Le Mastrou &#8211; Steam train departing from Tournon\" title=\"Le Mastrou &#8211; Steam train departing from Tournon\" rel=\"noreferrer\" data-rel=\"iLightbox[gallery_image_1]\" class=\"fusion-lightbox\" target=\"_self\"><img decoding=\"async\" src=\"https:\/\/www.iserandcampingardeche.com\/wp-content\/uploads\/train-mastrou-01-320x202.jpg\" width=\"320\" height=\"202\" alt=\"Le Mastrou - Steam train departing from Tournon\" title=\"Le Mastrou &#8211; Steam train departing from Tournon\" aria-label=\"Le Mastrou &#8211; Steam train departing from Tournon\" class=\"img-responsive wp-image-2377 fusion-gallery-image-size-fixed\" srcset=\"https:\/\/www.iserandcampingardeche.com\/wp-content\/uploads\/train-mastrou-01-320x202.jpg 320w, https:\/\/www.iserandcampingardeche.com\/wp-content\/uploads\/train-mastrou-01-700x441.jpg 700w\" sizes=\"(max-width: 320px) 100vw, 320px\" \/><\/a><\/div><\/div><div style=\"padding:5px;\" class=\"fusion-grid-column fusion-gallery-column fusion-gallery-column-6 hover-type-none\"><div class=\"fusion-gallery-image\"><a href=\"https:\/\/www.iserandcampingardeche.com\/wp-content\/uploads\/safari-de-peaugres-01.jpg\" data-title=\"Safari de Peaugres\" title=\"Safari de Peaugres\" rel=\"noreferrer\" data-rel=\"iLightbox[gallery_image_1]\" class=\"fusion-lightbox\" target=\"_self\"><img decoding=\"async\" src=\"https:\/\/www.iserandcampingardeche.com\/wp-content\/uploads\/safari-de-peaugres-01-320x202.jpg\" width=\"320\" height=\"202\" alt=\"Safari de Peaugres\" title=\"Safari de Peaugres\" aria-label=\"Safari de Peaugres\" class=\"img-responsive wp-image-2375 fusion-gallery-image-size-fixed\" \/><\/a><\/div><\/div><div style=\"padding:5px;\" class=\"fusion-grid-column fusion-gallery-column fusion-gallery-column-6 hover-type-none\"><div class=\"fusion-gallery-image\"><a href=\"https:\/\/www.iserandcampingardeche.com\/wp-content\/uploads\/velo-rail-01.jpg\" data-title=\"V\u00e9lo Rail &#8211; Gorges du Doux\" title=\"V\u00e9lo Rail &#8211; Gorges du Doux\" rel=\"noreferrer\" data-rel=\"iLightbox[gallery_image_1]\" class=\"fusion-lightbox\" target=\"_self\"><img decoding=\"async\" src=\"https:\/\/www.iserandcampingardeche.com\/wp-content\/uploads\/velo-rail-01-320x202.jpg\" width=\"320\" height=\"202\" alt=\"V\u00e9lo Rail - Gorges du Doux\" title=\"V\u00e9lo Rail &#8211; Gorges du Doux\" aria-label=\"V\u00e9lo Rail &#8211; Gorges du Doux\" class=\"img-responsive wp-image-2381 fusion-gallery-image-size-fixed\" srcset=\"https:\/\/www.iserandcampingardeche.com\/wp-content\/uploads\/velo-rail-01-320x202.jpg 320w, https:\/\/www.iserandcampingardeche.com\/wp-content\/uploads\/velo-rail-01-700x441.jpg 700w\" sizes=\"(max-width: 320px) 100vw, 320px\" \/><\/a><\/div><\/div><div style=\"padding:5px;\" class=\"fusion-grid-column fusion-gallery-column fusion-gallery-column-6 hover-type-none\"><div class=\"fusion-gallery-image\"><a href=\"https:\/\/www.iserandcampingardeche.com\/wp-content\/uploads\/via-rhona-01.jpg\" data-title=\"Via Rh\u00f4na\" title=\"Via Rh\u00f4na\" rel=\"noreferrer\" data-rel=\"iLightbox[gallery_image_1]\" class=\"fusion-lightbox\" target=\"_self\"><img decoding=\"async\" src=\"https:\/\/www.iserandcampingardeche.com\/wp-content\/uploads\/via-rhona-01-320x202.jpg\" width=\"320\" height=\"202\" alt=\"Via Rh\u00f4na\" title=\"Via Rh\u00f4na\" aria-label=\"Via Rh\u00f4na\" class=\"img-responsive wp-image-2383 fusion-gallery-image-size-fixed\" srcset=\"https:\/\/www.iserandcampingardeche.com\/wp-content\/uploads\/via-rhona-01-320x202.jpg 320w, https:\/\/www.iserandcampingardeche.com\/wp-content\/uploads\/via-rhona-01-700x441.jpg 700w\" sizes=\"(max-width: 320px) 100vw, 320px\" \/><\/a><\/div><\/div><div style=\"padding:5px;\" class=\"fusion-grid-column fusion-gallery-column fusion-gallery-column-6 hover-type-none\"><div class=\"fusion-gallery-image\"><a href=\"https:\/\/www.iserandcampingardeche.com\/wp-content\/uploads\/fruits-ardeche.jpg\" data-title=\"Summer fruits in Ard\u00e8che\" title=\"Summer fruits in Ard\u00e8che\" rel=\"noreferrer\" data-rel=\"iLightbox[gallery_image_1]\" class=\"fusion-lightbox\" target=\"_self\"><img decoding=\"async\" src=\"https:\/\/www.iserandcampingardeche.com\/wp-content\/uploads\/fruits-ardeche-320x202.jpg\" width=\"320\" height=\"202\" alt=\"Summer fruits in Ard\u00e8che\" title=\"Summer fruits in Ard\u00e8che\" aria-label=\"Summer fruits in Ard\u00e8che\" class=\"img-responsive wp-image-2363 fusion-gallery-image-size-fixed\" srcset=\"https:\/\/www.iserandcampingardeche.com\/wp-content\/uploads\/fruits-ardeche-320x202.jpg 320w, https:\/\/www.iserandcampingardeche.com\/wp-content\/uploads\/fruits-ardeche-700x441.jpg 700w\" sizes=\"(max-width: 320px) 100vw, 320px\" \/><\/a><\/div><\/div><div class=\"clearfix\"><\/div><\/div><div class=\"fusion-clearfix\"><\/div><\/div><\/div><\/div><\/div><\/p>\n","protected":false},"excerpt":{"rendered":"","protected":false},"author":1,"featured_media":0,"parent":0,"menu_order":0,"comment_status":"closed","ping_status":"closed","template":"100-width.php","meta":{"footnotes":""},"class_list":["post-970","page","type-page","status-publish","hentry"],"_links":{"self":[{"href":"https:\/\/www.iserandcampingardeche.com\/en\/wp-json\/wp\/v2\/pages\/970"}],"collection":[{"href":"https:\/\/www.iserandcampingardeche.com\/en\/wp-json\/wp\/v2\/pages"}],"about":[{"href":"https:\/\/www.iserandcampingardeche.com\/en\/wp-json\/wp\/v2\/types\/page"}],"author":[{"embeddable":true,"href":"https:\/\/www.iserandcampingardeche.com\/en\/wp-json\/wp\/v2\/users\/1"}],"replies":[{"embeddable":true,"href":"https:\/\/www.iserandcampingardeche.com\/en\/wp-json\/wp\/v2\/comments?post=970"}],"version-history":[{"count":24,"href":"https:\/\/www.iserandcampingardeche.com\/en\/wp-json\/wp\/v2\/pages\/970\/revisions"}],"predecessor-version":[{"id":2895,"href":"https:\/\/www.iserandcampingardeche.com\/en\/wp-json\/wp\/v2\/pages\/970\/revisions\/2895"}],"wp:attachment":[{"href":"https:\/\/www.iserandcampingardeche.com\/en\/wp-json\/wp\/v2\/media?parent=970"}],"curies":[{"name":"wp","href":"https:\/\/api.w.org\/{rel}","templated":true}]}}